{"id":11776,"date":"2023-01-12T11:23:19","date_gmt":"2023-01-12T11:23:19","guid":{"rendered":"https:\/\/canyontrekguara.com\/riviere-lower-vero\/"},"modified":"2024-01-31T15:34:53","modified_gmt":"2024-01-31T15:34:53","slug":"riviere-lower-vero","status":"publish","type":"page","link":"https:\/\/canyontrekguara.com\/fr\/riviere-lower-vero\/","title":{"rendered":"Rivi\u00e8re Lower Vero"},"content":{"rendered":"\t\t<div data-elementor-type=\"wp-page\" data-elementor-id=\"11776\" class=\"elementor elementor-11776 elementor-2654\" data-elementor-post-type=\"page\">\n\t\t\t\t\t\t<section class=\"elementor-section elementor-top-section elementor-element elementor-element-74a2346 elementor-section-boxed elementor-section-height-default elementor-section-height-default wpr-particle-no wpr-jarallax-no wpr-parallax-no wpr-sticky-section-no\" data-id=\"74a2346\" data-element_type=\"section\" data-e-type=\"section\">\n\t\t\t\t\t\t<div class=\"elementor-container elementor-column-gap-default\">\n\t\t\t\t\t<div class=\"elementor-column elementor-col-33 elementor-top-column elementor-element elementor-element-13e09cf6\" data-id=\"13e09cf6\" data-element_type=\"column\" data-e-type=\"column\">\n\t\t\t<div class=\"elementor-widget-wrap\">\n\t\t\t\t\t\t\t<\/div>\n\t\t<\/div>\n\t\t\t\t<div class=\"elementor-column elementor-col-33 elementor-top-column elementor-element elementor-element-6252e31f\" data-id=\"6252e31f\" data-element_type=\"column\" data-e-type=\"column\">\n\t\t\t<div class=\"elementor-widget-wrap elementor-element-populated\">\n\t\t\t\t\t\t<div class=\"elementor-element elementor-element-649ea0cd elementor-widget elementor-widget-image\" data-id=\"649ea0cd\" data-element_type=\"widget\" data-e-type=\"widget\" data-widget_type=\"image.default\">\n\t\t\t\t<div class=\"elementor-widget-container\">\n\t\t\t\t\t\t\t\t\t\t\t\t\t\t\t<img fetchpriority=\"high\" decoding=\"async\" width=\"1154\" height=\"865\" src=\"https:\/\/canyontrekguara.com\/wp-content\/uploads\/2023\/01\/rio-vero-inferior-alquezar-guara-canyontrekguara15.jpg\" class=\"attachment-large size-large wp-image-10631\" alt=\"\" srcset=\"https:\/\/canyontrekguara.com\/wp-content\/uploads\/2023\/01\/rio-vero-inferior-alquezar-guara-canyontrekguara15.jpg 1154w, https:\/\/canyontrekguara.com\/wp-content\/uploads\/2023\/01\/rio-vero-inferior-alquezar-guara-canyontrekguara15-600x450.jpg 600w, https:\/\/canyontrekguara.com\/wp-content\/uploads\/2023\/01\/rio-vero-inferior-alquezar-guara-canyontrekguara15-768x576.jpg 768w\" sizes=\"(max-width: 1154px) 100vw, 1154px\" \/>\t\t\t\t\t\t\t\t\t\t\t\t\t\t\t<\/div>\n\t\t\t\t<\/div>\n\t\t\t\t<div class=\"elementor-element elementor-element-6361b054 elementor-widget elementor-widget-spacer\" data-id=\"6361b054\" data-element_type=\"widget\" data-e-type=\"widget\" data-widget_type=\"spacer.default\">\n\t\t\t\t<div class=\"elementor-widget-container\">\n\t\t\t\t\t\t\t<div class=\"elementor-spacer\">\n\t\t\t<div class=\"elementor-spacer-inner\"><\/div>\n\t\t<\/div>\n\t\t\t\t\t\t<\/div>\n\t\t\t\t<\/div>\n\t\t\t\t<div class=\"elementor-element elementor-element-649051a9 elementor-widget elementor-widget-heading\" data-id=\"649051a9\" data-element_type=\"widget\" data-e-type=\"widget\" data-widget_type=\"heading.default\">\n\t\t\t\t<div class=\"elementor-widget-container\">\n\t\t\t\t\t<h3 class=\"elementor-heading-title elementor-size-default\">Basse rivi\u00e8re Vero. L'embl\u00e8me d'Alqu\u00e9zar\n<\/h3>\t\t\t\t<\/div>\n\t\t\t\t<\/div>\n\t\t\t\t<div class=\"elementor-element elementor-element-6733db87 elementor-widget elementor-widget-heading\" data-id=\"6733db87\" data-element_type=\"widget\" data-e-type=\"widget\" data-widget_type=\"heading.default\">\n\t\t\t\t<div class=\"elementor-widget-container\">\n\t\t\t\t\t<h5 class=\"elementor-heading-title elementor-size-default\">Circuit circulaire au d\u00e9part d'Alqu\u00e9zar \u00e0 travers une partie de ce magnifique canyon.\n<\/h5>\t\t\t\t<\/div>\n\t\t\t\t<\/div>\n\t\t\t\t<div class=\"elementor-element elementor-element-6a8639c6 elementor-widget elementor-widget-text-editor\" data-id=\"6a8639c6\" data-element_type=\"widget\" data-e-type=\"widget\" data-widget_type=\"text-editor.default\">\n\t\t\t\t<div class=\"elementor-widget-container\">\n\t\t\t\t\t\t\t\t\t<p><strong>Spectacularit\u00e9 et simplicit\u00e9<\/strong> se c\u00f4toient dans le <strong>bas du Rio Vero<\/strong> qui convient de pr\u00e9f\u00e9rence aux groupes, aux familles et aux personnes qui d\u00e9couvrent cette activit\u00e9. C&rsquo;est une activit\u00e9 qui s&rsquo;adresse \u00e0 tous, gr\u00e2ce au fait que les obstacles ne sont pas obligatoires. Il s&rsquo;agit d&rsquo;une rivi\u00e8re qui descend progressivement, sans descente en rappel, et dont l&rsquo;\u00e9l\u00e9ment principal est l&rsquo;\u00e9norme et magnifique <strong>chaos de blocs<\/strong>.<\/p>\n<p>L&rsquo;itin\u00e9raire est circulaire, avec un d\u00e9part et une arriv\u00e9e \u00e0<strong> Alqu\u00e9zar, un magnifique village m\u00e9di\u00e9val<\/strong>. Le chemin d&rsquo;acc\u00e8s dure environ 1 heure sur un sentier facile avec une l\u00e9g\u00e8re mont\u00e9e au d\u00e9but. Le retour au village dure 45 minutes par la <strong>passerelle d&rsquo;Alqu\u00e9zar<\/strong>.<\/p>\n<p>Une journ\u00e9e parfaite pour d\u00e9couvrir le canyoning sur le Rio Vero entre les grandes parois de calcaire orange et gris de ce canyon sculpt\u00e9 par le mouvement de la rivi\u00e8re depuis des millions d&rsquo;ann\u00e9es.<\/p>\n<p>Le chaos de blocs est un labyrinthe de roches inond\u00e9es par l&rsquo;eau. Le soleil entre en formant des passages spectaculaires. Le Rio Vero b\u00e9n\u00e9ficie \u00e9galement de nombreuses passes avec la possibilit\u00e9 de les plonger, de quelques sauts et de diverses projections o\u00f9 nous jouerons avec les courants d&rsquo;eau. Un <strong>parcours magnifique<\/strong>, <strong>tr\u00e8s ensoleill\u00e9<\/strong>, avec un d\u00e9part et une arriv\u00e9e dans le village m\u00e9di\u00e9val d&rsquo;Alqu\u00e9zar et <strong>adapt\u00e9 \u00e0<\/strong> tous, que demander de plus ?<\/p>\n<h5>Tarif :<\/h5>\n<p>2 personnes : 65 \u20ac\/pers en cas d&rsquo;absence de participants<\/p>\n<p>De 3 \u00e0 6 personnes : 55 \u20ac\/pers.<\/p>\n<p>Groupes de plus de 7 personnes : 50 \u20ac\/pers.<\/p>\n\t\t\t\t\t\t\t\t<\/div>\n\t\t\t\t<\/div>\n\t\t\t\t<div class=\"elementor-element elementor-element-59604dc8 elementor-widget elementor-widget-text-editor\" data-id=\"59604dc8\" data-element_type=\"widget\" data-e-type=\"widget\" data-widget_type=\"text-editor.default\">\n\t\t\t\t<div class=\"elementor-widget-container\">\n\t\t\t\t\t\t\t\t\t<p><strong>QUE COMPREND LE PRIX ?<\/strong><\/p>\n<ul>\n<li>Guide professionnel dipl\u00f4m\u00e9 \u00ab\u00a0Technicien des Sports de Montagne et d&rsquo;Escalade\u00a0\u00bb, sp\u00e9cialis\u00e9 dans le canyoning.<\/li>\n<li>Mat\u00e9riel technique n\u00e9cessaire. Toujours certifi\u00e9 CE :\n<ul>\n<li>Deux pi\u00e8ces en n\u00e9opr\u00e8ne 5 mm pour le canyoning complet<\/li>\n<li>Chaussons : chaussettes en n\u00e9opr\u00e8ne.<\/li>\n<li>Harnais avec ligne d&rsquo;ancrage et descendeur.<\/li>\n<li>Casque.<\/li>\n<li>Sac \u00e0 dos de canyoning.<\/li>\n<li>Un jerrycan \u00e9tanche pour transporter le pique-nique.<\/li>\n<\/ul>\n<\/li>\n<li>Assurances obligatoires : responsabilit\u00e9 civile et assurance accident.<\/li>\n<li>Si n\u00e9cessaire, soutenir le v\u00e9hicule.<\/li>\n<li>Si nous prenons des photos de l&rsquo;activit\u00e9, nous vous les donnerons, mais vous devrez apporter une cl\u00e9 USB pour les emporter avec vous.<\/li>\n<li>TVA 21%.<\/li>\n<\/ul>\n\t\t\t\t\t\t\t\t<\/div>\n\t\t\t\t<\/div>\n\t\t\t\t<div class=\"elementor-element elementor-element-18991c0c elementor-widget elementor-widget-text-editor\" data-id=\"18991c0c\" data-element_type=\"widget\" data-e-type=\"widget\" data-widget_type=\"text-editor.default\">\n\t\t\t\t<div class=\"elementor-widget-container\">\n\t\t\t\t\t\t\t\t\t<p><strong>QUE DOIS-JE APPORTER POUR CETTE ACTIVIT\u00c9 ?<\/strong><\/p>\n<ul>\n<li>Une paire de chaussures \u00e0 lacets ou de chaussures de randonn\u00e9e en bon \u00e9tat.<\/li>\n<li>Le maillot de bain, mieux vaut d\u00e9j\u00e0 l&rsquo;enfiler.<\/li>\n<li>V\u00eatements confortables pour la marche : short et T-shirt.<\/li>\n<li>Pique-nique.<\/li>\n<li>Boire.<\/li>\n<li>Des v\u00eatements secs et des chaussures de rechange \u00e0 laisser dans la voiture.<\/li>\n<li>Coletero pour ceux qui ont les cheveux longs.<\/li>\n<li>Beaucoup d&rsquo;enthousiasme et de motivation.<\/li>\n<\/ul>\n\t\t\t\t\t\t\t\t<\/div>\n\t\t\t\t<\/div>\n\t\t\t\t<div class=\"elementor-element elementor-element-2e821823 elementor-widget elementor-widget-text-editor\" data-id=\"2e821823\" data-element_type=\"widget\" data-e-type=\"widget\" data-widget_type=\"text-editor.default\">\n\t\t\t\t<div class=\"elementor-widget-container\">\n\t\t\t\t\t\t\t\t\t<p><strong>CONDITIONS G\u00c9N\u00c9RALES<\/strong><\/p>\n<ul>\n<li>Pour le canyoning et les activit\u00e9s aquatiques, il est n\u00e9cessaire de savoir nager.<\/li>\n<li>Vous devez \u00eatre en bonne condition physique et \u00eatre familiaris\u00e9 avec l&rsquo;activit\u00e9 que vous allez entreprendre.<\/li>\n<li>L&rsquo;\u00e2ge minimum pour participer aux activit\u00e9s d\u00e9pend de la taille et du poids de l&rsquo;enfant, car il est important que la combinaison soit de la bonne taille. Elle est g\u00e9n\u00e9ralement comprise entre 5 et 7 ans. Dans tous les cas, c&rsquo;est le guide qui, en dernier ressort, approuvera et acceptera l&rsquo;activit\u00e9, en fonction de la condition physique et mentale de l&rsquo;enfant et des caract\u00e9ristiques de l&rsquo;activit\u00e9.<\/li>\n<li>Pour les activit\u00e9s de niveau \u00ab\u00a0avanc\u00e9\u00a0\u00bb ou sup\u00e9rieur, une exp\u00e9rience pr\u00e9alable peut \u00eatre exig\u00e9e, qui peut \u00eatre d\u00e9montr\u00e9e par un entretien personnel avec notre \u00e9quipe de guides ou par une activit\u00e9 ant\u00e9rieure avec notre compagnie.<\/li>\n<li>Dans les activit\u00e9s avec des mineurs de moins de 18 ans, le parent ou le tuteur l\u00e9gal devra r\u00e9aliser l&rsquo;activit\u00e9 et accompagner le mineur.<\/li>\n<\/ul>\n\t\t\t\t\t\t\t\t<\/div>\n\t\t\t\t<\/div>\n\t\t\t\t\t<\/div>\n\t\t<\/div>\n\t\t\t\t<div class=\"elementor-column elementor-col-33 elementor-top-column elementor-element elementor-element-23a5a102\" data-id=\"23a5a102\" data-element_type=\"column\" data-e-type=\"column\">\n\t\t\t<div class=\"elementor-widget-wrap\">\n\t\t\t\t\t\t\t<\/div>\n\t\t<\/div>\n\t\t\t\t\t<\/div>\n\t\t<\/section>\n\t\t\t\t<\/div>\n\t\t","protected":false},"excerpt":{"rendered":"<p>Basse rivi\u00e8re Vero. L&#8217;embl\u00e8me d&rsquo;Alqu\u00e9zar Circuit circulaire au d\u00e9part d&rsquo;Alqu\u00e9zar \u00e0 travers une partie de ce magnifique canyon. Spectacularit\u00e9 et simplicit\u00e9 se c\u00f4toient dans le bas du Rio Vero qui convient de pr\u00e9f\u00e9rence aux groupes, aux familles et aux personnes qui d\u00e9couvrent cette activit\u00e9. C&rsquo;est une activit\u00e9 qui s&rsquo;adresse \u00e0 tous, gr\u00e2ce au fait que les obstacles ne sont pas obligatoires. Il s&rsquo;agit d&rsquo;une rivi\u00e8re qui descend progressivement, sans descente en rappel, et dont l&rsquo;\u00e9l\u00e9ment principal est l&rsquo;\u00e9norme et magnifique chaos de blocs. L&rsquo;itin\u00e9raire est circulaire, avec un d\u00e9part et une arriv\u00e9e \u00e0 Alqu\u00e9zar, un magnifique village m\u00e9di\u00e9val. Le chemin d&rsquo;acc\u00e8s dure environ 1 heure sur un sentier facile avec une l\u00e9g\u00e8re mont\u00e9e au d\u00e9but. Le retour au village dure 45 minutes par la passerelle d&rsquo;Alqu\u00e9zar. Une journ\u00e9e parfaite pour d\u00e9couvrir le canyoning sur le Rio Vero entre les grandes parois de calcaire orange et gris de ce canyon sculpt\u00e9 par le mouvement de la rivi\u00e8re depuis des millions d&rsquo;ann\u00e9es. Le chaos de blocs est un labyrinthe de roches inond\u00e9es par l&rsquo;eau. Le soleil entre en formant des passages spectaculaires. Le Rio Vero b\u00e9n\u00e9ficie \u00e9galement de nombreuses passes avec la possibilit\u00e9 de les plonger, de quelques sauts et de diverses projections o\u00f9 nous jouerons avec les courants d&rsquo;eau. Un parcours magnifique, tr\u00e8s ensoleill\u00e9, avec un d\u00e9part et une arriv\u00e9e dans le village m\u00e9di\u00e9val d&rsquo;Alqu\u00e9zar et adapt\u00e9 \u00e0 tous, que demander de plus ? Tarif : 2 personnes : 65 \u20ac\/pers en cas d&rsquo;absence de participants De 3 \u00e0 6 personnes : 55 \u20ac\/pers. Groupes de plus de 7 personnes : 50 \u20ac\/pers. QUE COMPREND LE PRIX ? Guide professionnel dipl\u00f4m\u00e9 \u00ab\u00a0Technicien des Sports de Montagne et d&rsquo;Escalade\u00a0\u00bb, sp\u00e9cialis\u00e9 dans le canyoning. Mat\u00e9riel technique n\u00e9cessaire. Toujours certifi\u00e9 CE : Deux pi\u00e8ces en n\u00e9opr\u00e8ne 5 mm pour le canyoning complet Chaussons : chaussettes en n\u00e9opr\u00e8ne. Harnais avec ligne d&rsquo;ancrage et descendeur. Casque. Sac \u00e0 dos de canyoning. Un jerrycan \u00e9tanche pour transporter le pique-nique. Assurances obligatoires : responsabilit\u00e9 civile et assurance accident. Si n\u00e9cessaire, soutenir le v\u00e9hicule. Si nous prenons des photos de l&rsquo;activit\u00e9, nous vous les donnerons, mais vous devrez apporter une cl\u00e9 USB pour les emporter avec vous. TVA 21%. QUE DOIS-JE APPORTER POUR CETTE ACTIVIT\u00c9 ? Une paire de chaussures \u00e0 lacets ou de chaussures de randonn\u00e9e en bon \u00e9tat. Le maillot de bain, mieux vaut d\u00e9j\u00e0 l&rsquo;enfiler. V\u00eatements confortables pour la marche : short et T-shirt. Pique-nique. Boire. Des v\u00eatements secs et des chaussures de rechange \u00e0 laisser dans la voiture. Coletero pour ceux qui ont les cheveux longs. Beaucoup d&rsquo;enthousiasme et de motivation. CONDITIONS G\u00c9N\u00c9RALES Pour le canyoning et les activit\u00e9s aquatiques, il est n\u00e9cessaire de savoir nager. Vous devez \u00eatre en bonne condition physique et \u00eatre familiaris\u00e9 avec l&rsquo;activit\u00e9 que vous allez entreprendre. L&rsquo;\u00e2ge minimum pour participer aux activit\u00e9s d\u00e9pend de la taille et du poids de l&rsquo;enfant, car il est important que la combinaison soit de la bonne taille. Elle est g\u00e9n\u00e9ralement comprise entre 5 et 7 ans. Dans tous les cas, c&rsquo;est le guide qui, en dernier ressort, approuvera et acceptera l&rsquo;activit\u00e9, en fonction de la condition physique et mentale de l&rsquo;enfant et des caract\u00e9ristiques de l&rsquo;activit\u00e9. Pour les activit\u00e9s de niveau \u00ab\u00a0avanc\u00e9\u00a0\u00bb ou sup\u00e9rieur, une exp\u00e9rience pr\u00e9alable peut \u00eatre exig\u00e9e, qui peut \u00eatre d\u00e9montr\u00e9e par un entretien personnel avec notre \u00e9quipe de guides ou par une activit\u00e9 ant\u00e9rieure avec notre compagnie. Dans les activit\u00e9s avec des mineurs de moins de 18 ans, le parent ou le tuteur l\u00e9gal devra r\u00e9aliser l&rsquo;activit\u00e9 et accompagner le mineur.<\/p>\n","protected":false},"author":1,"featured_media":0,"parent":0,"menu_order":0,"comment_status":"closed","ping_status":"closed","template":"","meta":{"_exactmetrics_skip_tracking":false,"_exactmetrics_sitenote_active":false,"_exactmetrics_sitenote_note":"","_exactmetrics_sitenote_category":0,"_monsterinsights_skip_tracking":false,"_monsterinsights_sitenote_active":false,"_monsterinsights_sitenote_note":"","_monsterinsights_sitenote_category":0,"footnotes":""},"class_list":["post-11776","page","type-page","status-publish","hentry"],"aioseo_notices":[],"_links":{"self":[{"href":"https:\/\/canyontrekguara.com\/fr\/wp-json\/wp\/v2\/pages\/11776","targetHints":{"allow":["GET"]}}],"collection":[{"href":"https:\/\/canyontrekguara.com\/fr\/wp-json\/wp\/v2\/pages"}],"about":[{"href":"https:\/\/canyontrekguara.com\/fr\/wp-json\/wp\/v2\/types\/page"}],"author":[{"embeddable":true,"href":"https:\/\/canyontrekguara.com\/fr\/wp-json\/wp\/v2\/users\/1"}],"replies":[{"embeddable":true,"href":"https:\/\/canyontrekguara.com\/fr\/wp-json\/wp\/v2\/comments?post=11776"}],"version-history":[{"count":0,"href":"https:\/\/canyontrekguara.com\/fr\/wp-json\/wp\/v2\/pages\/11776\/revisions"}],"wp:attachment":[{"href":"https:\/\/canyontrekguara.com\/fr\/wp-json\/wp\/v2\/media?parent=11776"}],"curies":[{"name":"wp","href":"https:\/\/api.w.org\/{rel}","templated":true}]}}