{"id":11726,"date":"2023-01-02T11:23:27","date_gmt":"2023-01-02T11:23:27","guid":{"rendered":"https:\/\/canyontrekguara.com\/ravin-de-mascun\/"},"modified":"2024-01-31T15:34:46","modified_gmt":"2024-01-31T15:34:46","slug":"ravin-de-mascun","status":"publish","type":"page","link":"https:\/\/canyontrekguara.com\/fr\/ravin-de-mascun\/","title":{"rendered":"Ravin de Masc\u00fan"},"content":{"rendered":"\t\t<div data-elementor-type=\"wp-page\" data-elementor-id=\"11726\" class=\"elementor elementor-11726 elementor-1802\" data-elementor-post-type=\"page\">\n\t\t\t\t\t\t<section class=\"elementor-section elementor-top-section elementor-element elementor-element-3e78e4a elementor-section-boxed elementor-section-height-default elementor-section-height-default wpr-particle-no wpr-jarallax-no wpr-parallax-no wpr-sticky-section-no\" data-id=\"3e78e4a\" data-element_type=\"section\" data-e-type=\"section\">\n\t\t\t\t\t\t<div class=\"elementor-container elementor-column-gap-default\">\n\t\t\t\t\t<div class=\"elementor-column elementor-col-33 elementor-top-column elementor-element elementor-element-df2e542\" data-id=\"df2e542\" data-element_type=\"column\" data-e-type=\"column\">\n\t\t\t<div class=\"elementor-widget-wrap\">\n\t\t\t\t\t\t\t<\/div>\n\t\t<\/div>\n\t\t\t\t<div class=\"elementor-column elementor-col-33 elementor-top-column elementor-element elementor-element-1fb0082\" data-id=\"1fb0082\" data-element_type=\"column\" data-e-type=\"column\">\n\t\t\t<div class=\"elementor-widget-wrap elementor-element-populated\">\n\t\t\t\t\t\t<div class=\"elementor-element elementor-element-88fcd5a elementor-widget elementor-widget-image\" data-id=\"88fcd5a\" data-element_type=\"widget\" data-e-type=\"widget\" data-widget_type=\"image.default\">\n\t\t\t\t<div class=\"elementor-widget-container\">\n\t\t\t\t\t\t\t\t\t\t\t\t\t\t\t<img fetchpriority=\"high\" decoding=\"async\" width=\"1154\" height=\"865\" src=\"https:\/\/canyontrekguara.com\/wp-content\/uploads\/2023\/01\/barranco-del-mascun-canyontrek-guara-portada.jpg\" class=\"attachment-large size-large wp-image-10565\" alt=\"\" srcset=\"https:\/\/canyontrekguara.com\/wp-content\/uploads\/2023\/01\/barranco-del-mascun-canyontrek-guara-portada.jpg 1154w, https:\/\/canyontrekguara.com\/wp-content\/uploads\/2023\/01\/barranco-del-mascun-canyontrek-guara-portada-600x450.jpg 600w, https:\/\/canyontrekguara.com\/wp-content\/uploads\/2023\/01\/barranco-del-mascun-canyontrek-guara-portada-768x576.jpg 768w\" sizes=\"(max-width: 1154px) 100vw, 1154px\" \/>\t\t\t\t\t\t\t\t\t\t\t\t\t\t\t<\/div>\n\t\t\t\t<\/div>\n\t\t\t\t<div class=\"elementor-element elementor-element-b8df0a8 elementor-widget elementor-widget-heading\" data-id=\"b8df0a8\" data-element_type=\"widget\" data-e-type=\"widget\" data-widget_type=\"heading.default\">\n\t\t\t\t<div class=\"elementor-widget-container\">\n\t\t\t\t\t<h3 class=\"elementor-heading-title elementor-size-default\">Ravin de Masc\u00fan, habit\u00e9 par des esprits.<\/h3>\t\t\t\t<\/div>\n\t\t\t\t<\/div>\n\t\t\t\t<div class=\"elementor-element elementor-element-12b4096 elementor-widget elementor-widget-heading\" data-id=\"12b4096\" data-element_type=\"widget\" data-e-type=\"widget\" data-widget_type=\"heading.default\">\n\t\t\t\t<div class=\"elementor-widget-container\">\n\t\t\t\t\t<h5 class=\"elementor-heading-title elementor-size-default\">Profitez \u00e0 Guara de l'une des meilleures descentes au monde.<\/h5>\t\t\t\t<\/div>\n\t\t\t\t<\/div>\n\t\t\t\t<div class=\"elementor-element elementor-element-15e79b6 elementor-widget elementor-widget-text-editor\" data-id=\"15e79b6\" data-element_type=\"widget\" data-e-type=\"widget\" data-widget_type=\"text-editor.default\">\n\t\t\t\t<div class=\"elementor-widget-container\">\n\t\t\t\t\t\t\t\t\t<p>Pouvoir dire que nous avons dans la Sierra de Guara l&rsquo;un <strong>des meilleurs canyons du monde<\/strong>, ce sont de grands mots. Le canyon de Masc\u00fan attire des canyonistes du monde entier qui veulent le descendre. Outre le <strong>cadre magnifique<\/strong>, son int\u00e9rieur forme un <strong>paysage unique et inattendu<\/strong> qui ravit tous ceux qui osent s&rsquo;y aventurer.<\/p>\n<p>Mascun signifie \u00ab\u00a0lieu o\u00f9 habitent les esprits\u00a0\u00bb. Il s&rsquo;agit d&rsquo;une <strong>activit\u00e9 technique et sportive<\/strong> qui exige du participant une bonne forme physique et, si possible, une exp\u00e9rience pr\u00e9alable. Mais ce n&rsquo;est pas l&rsquo;un des canyons les plus difficiles de Guara et il reste relativement accessible \u00e0 presque tout le monde.<\/p>\n<p>Tout d&rsquo;abord, l&rsquo;acc\u00e8s se fait par le <strong>sentier Ot\u00edn<\/strong> pendant plus de 2 heures, un <strong>tr\u00e8s bel itin\u00e9raire<\/strong> que nous ferons tr\u00e8s<strong>t\u00f4t le matin pour \u00e9viter la chaleur et avoir des heures devant<\/strong> nous. Ensuite, \u00e0 l&rsquo;int\u00e9rieur de la gorge, commence un <strong>voyage dans un autre monde parall\u00e8le<\/strong>, le fond de ce canyon, entre de gigantesques fl\u00e8ches de calcaire et de grandes gorges. En fin de compte, apr\u00e8s un grand chaos, nous devrons encore marcher jusqu&rsquo;\u00e0 Rodellar.<\/p>\n<p><strong>Plusieurs rappels<\/strong> sont pr\u00e9sents dans le canyon et sont glissants. Certaines peuvent \u00eatre saut\u00e9es, d&rsquo;autres non. L&rsquo;<strong>Oscuros de Ot\u00edn est la partie la plus impressionnante de la descente<\/strong>. Le ravin de Masc\u00fan n&rsquo;est en eau qu&rsquo;au printemps et apr\u00e8s des p\u00e9riodes de fortes pluies, car il s&rsquo;ass\u00e8che ensuite. Si vous voulez le descendre, vous devrez donc le faire entre avril et juin.<\/p>\n<p>Au final, <strong>un canyon impressionnant<\/strong>, long, sportif et technique. Il n&rsquo;y a pas de mots pour d\u00e9crire la magnificence de cette visite et, bien s\u00fbr, la meilleure chose \u00e0 faire est de venir la voir par vous-m\u00eame !<\/p>\n<h5>Tarif :<\/h5>\n<p>2 personnes : 90 \u20ac\/pers.<\/p>\n<p>De 3 \u00e0 6 personnes : 85 \u20ac\/pers.<\/p>\n<p>Groupes \u00e0 partir de 7 personnes : 75 \u20ac\/pers.<\/p>\n\t\t\t\t\t\t\t\t<\/div>\n\t\t\t\t<\/div>\n\t\t\t\t<div class=\"elementor-element elementor-element-2fcfa6d elementor-widget elementor-widget-text-editor\" data-id=\"2fcfa6d\" data-element_type=\"widget\" data-e-type=\"widget\" data-widget_type=\"text-editor.default\">\n\t\t\t\t<div class=\"elementor-widget-container\">\n\t\t\t\t\t\t\t\t\t<p><strong>QUE COMPREND LE PRIX ?<\/strong><\/p>\n<ul>\n<li>Guide professionnel dipl\u00f4m\u00e9 \u00ab\u00a0Technicien des Sports de Montagne et d&rsquo;Escalade\u00a0\u00bb, sp\u00e9cialis\u00e9 dans le canyoning.<\/li>\n<li>Mat\u00e9riel technique n\u00e9cessaire. Toujours certifi\u00e9 CE :\n<ul>\n<li>Deux pi\u00e8ces en n\u00e9opr\u00e8ne 5 mm pour le canyoning complet<\/li>\n<li>Chaussons : chaussettes en n\u00e9opr\u00e8ne.<\/li>\n<li>Harnais avec ligne d&rsquo;ancrage et descendeur.<\/li>\n<li>Casque.<\/li>\n<li>Sac \u00e0 dos de canyoning.<\/li>\n<li>Un jerrycan \u00e9tanche pour transporter le pique-nique.<\/li>\n<\/ul>\n<\/li>\n<li>Assurances obligatoires : responsabilit\u00e9 civile et assurance accident.<\/li>\n<li>Si n\u00e9cessaire, soutenir le v\u00e9hicule.<\/li>\n<li>Si nous prenons des photos de l&rsquo;activit\u00e9, nous vous les donnerons, mais vous devrez apporter une cl\u00e9 USB pour les emporter avec vous.<\/li>\n<li>TVA 21%.<\/li>\n<\/ul>\n\t\t\t\t\t\t\t\t<\/div>\n\t\t\t\t<\/div>\n\t\t\t\t<div class=\"elementor-element elementor-element-7f373e8 elementor-widget elementor-widget-text-editor\" data-id=\"7f373e8\" data-element_type=\"widget\" data-e-type=\"widget\" data-widget_type=\"text-editor.default\">\n\t\t\t\t<div class=\"elementor-widget-container\">\n\t\t\t\t\t\t\t\t\t<p><strong>QUE DOIS-JE APPORTER POUR CETTE ACTIVIT\u00c9 ?<\/strong><\/p>\n<ul>\n<li>Une paire de chaussures \u00e0 lacets ou de chaussures de randonn\u00e9e en bon \u00e9tat.<\/li>\n<li>Le maillot de bain, mieux vaut d\u00e9j\u00e0 l&rsquo;enfiler.<\/li>\n<li>V\u00eatements de marche confortables : short et T-shirt.<\/li>\n<li>Pique-nique.<\/li>\n<li>Boire.<\/li>\n<li>Des v\u00eatements secs et des chaussures de rechange \u00e0 laisser dans la voiture.<\/li>\n<li>Coletero pour ceux qui ont les cheveux longs.<\/li>\n<li>Beaucoup d&rsquo;enthousiasme et de motivation.<\/li>\n<li><strong>Si disponible. vous pouvez apporter des gants en n\u00e9opr\u00e8ne et un T-shirt thermique.<\/strong><\/li>\n<\/ul>\n\t\t\t\t\t\t\t\t<\/div>\n\t\t\t\t<\/div>\n\t\t\t\t<div class=\"elementor-element elementor-element-82f1429 elementor-widget elementor-widget-text-editor\" data-id=\"82f1429\" data-element_type=\"widget\" data-e-type=\"widget\" data-widget_type=\"text-editor.default\">\n\t\t\t\t<div class=\"elementor-widget-container\">\n\t\t\t\t\t\t\t\t\t<p><strong>CONDITIONS G\u00c9N\u00c9RALES<\/strong><\/p>\n<ul>\n<li>Pour le canyoning et les activit\u00e9s aquatiques, il est n\u00e9cessaire de savoir nager.<\/li>\n<li>Vous devez \u00eatre en bonne condition physique et \u00eatre familiaris\u00e9 avec l&rsquo;activit\u00e9 que vous allez entreprendre.<\/li>\n<li>L&rsquo;\u00e2ge minimum pour participer aux activit\u00e9s d\u00e9pend de la taille et du poids de l&rsquo;enfant, car il est important que la combinaison soit de la bonne taille. Elle est g\u00e9n\u00e9ralement comprise entre 5 et 7 ans. Dans tous les cas, c&rsquo;est le guide qui, en dernier ressort, approuvera et acceptera l&rsquo;activit\u00e9, en fonction de la condition physique et mentale de l&rsquo;enfant et des caract\u00e9ristiques de l&rsquo;activit\u00e9.<\/li>\n<li>Pour les activit\u00e9s de niveau \u00ab\u00a0avanc\u00e9\u00a0\u00bb ou sup\u00e9rieur, une exp\u00e9rience pr\u00e9alable peut \u00eatre exig\u00e9e, qui peut \u00eatre d\u00e9montr\u00e9e par un entretien personnel avec notre \u00e9quipe de guides ou par une activit\u00e9 ant\u00e9rieure avec notre compagnie.<\/li>\n<li>Dans les activit\u00e9s avec des mineurs de moins de 18 ans, le parent ou le tuteur l\u00e9gal devra r\u00e9aliser l&rsquo;activit\u00e9 et accompagner le mineur.<\/li>\n<\/ul>\n\t\t\t\t\t\t\t\t<\/div>\n\t\t\t\t<\/div>\n\t\t\t\t\t<\/div>\n\t\t<\/div>\n\t\t\t\t<div class=\"elementor-column elementor-col-33 elementor-top-column elementor-element elementor-element-4b672c1\" data-id=\"4b672c1\" data-element_type=\"column\" data-e-type=\"column\">\n\t\t\t<div class=\"elementor-widget-wrap\">\n\t\t\t\t\t\t\t<\/div>\n\t\t<\/div>\n\t\t\t\t\t<\/div>\n\t\t<\/section>\n\t\t\t\t<\/div>\n\t\t","protected":false},"excerpt":{"rendered":"<p>Ravin de Masc\u00fan, habit\u00e9 par des esprits. Profitez \u00e0 Guara de l&rsquo;une des meilleures descentes au monde. Pouvoir dire que nous avons dans la Sierra de Guara l&rsquo;un des meilleurs canyons du monde, ce sont de grands mots. Le canyon de Masc\u00fan attire des canyonistes du monde entier qui veulent le descendre. Outre le cadre magnifique, son int\u00e9rieur forme un paysage unique et inattendu qui ravit tous ceux qui osent s&rsquo;y aventurer. Mascun signifie \u00ab\u00a0lieu o\u00f9 habitent les esprits\u00a0\u00bb. Il s&rsquo;agit d&rsquo;une activit\u00e9 technique et sportive qui exige du participant une bonne forme physique et, si possible, une exp\u00e9rience pr\u00e9alable. Mais ce n&rsquo;est pas l&rsquo;un des canyons les plus difficiles de Guara et il reste relativement accessible \u00e0 presque tout le monde. Tout d&rsquo;abord, l&rsquo;acc\u00e8s se fait par le sentier Ot\u00edn pendant plus de 2 heures, un tr\u00e8s bel itin\u00e9raire que nous ferons tr\u00e8st\u00f4t le matin pour \u00e9viter la chaleur et avoir des heures devant nous. Ensuite, \u00e0 l&rsquo;int\u00e9rieur de la gorge, commence un voyage dans un autre monde parall\u00e8le, le fond de ce canyon, entre de gigantesques fl\u00e8ches de calcaire et de grandes gorges. En fin de compte, apr\u00e8s un grand chaos, nous devrons encore marcher jusqu&rsquo;\u00e0 Rodellar. Plusieurs rappels sont pr\u00e9sents dans le canyon et sont glissants. Certaines peuvent \u00eatre saut\u00e9es, d&rsquo;autres non. L&rsquo;Oscuros de Ot\u00edn est la partie la plus impressionnante de la descente. Le ravin de Masc\u00fan n&rsquo;est en eau qu&rsquo;au printemps et apr\u00e8s des p\u00e9riodes de fortes pluies, car il s&rsquo;ass\u00e8che ensuite. Si vous voulez le descendre, vous devrez donc le faire entre avril et juin. Au final, un canyon impressionnant, long, sportif et technique. Il n&rsquo;y a pas de mots pour d\u00e9crire la magnificence de cette visite et, bien s\u00fbr, la meilleure chose \u00e0 faire est de venir la voir par vous-m\u00eame ! Tarif : 2 personnes : 90 \u20ac\/pers. De 3 \u00e0 6 personnes : 85 \u20ac\/pers. Groupes \u00e0 partir de 7 personnes : 75 \u20ac\/pers. QUE COMPREND LE PRIX ? Guide professionnel dipl\u00f4m\u00e9 \u00ab\u00a0Technicien des Sports de Montagne et d&rsquo;Escalade\u00a0\u00bb, sp\u00e9cialis\u00e9 dans le canyoning. Mat\u00e9riel technique n\u00e9cessaire. Toujours certifi\u00e9 CE : Deux pi\u00e8ces en n\u00e9opr\u00e8ne 5 mm pour le canyoning complet Chaussons : chaussettes en n\u00e9opr\u00e8ne. Harnais avec ligne d&rsquo;ancrage et descendeur. Casque. Sac \u00e0 dos de canyoning. Un jerrycan \u00e9tanche pour transporter le pique-nique. Assurances obligatoires : responsabilit\u00e9 civile et assurance accident. Si n\u00e9cessaire, soutenir le v\u00e9hicule. Si nous prenons des photos de l&rsquo;activit\u00e9, nous vous les donnerons, mais vous devrez apporter une cl\u00e9 USB pour les emporter avec vous. TVA 21%. QUE DOIS-JE APPORTER POUR CETTE ACTIVIT\u00c9 ? Une paire de chaussures \u00e0 lacets ou de chaussures de randonn\u00e9e en bon \u00e9tat. Le maillot de bain, mieux vaut d\u00e9j\u00e0 l&rsquo;enfiler. V\u00eatements de marche confortables : short et T-shirt. Pique-nique. Boire. Des v\u00eatements secs et des chaussures de rechange \u00e0 laisser dans la voiture. Coletero pour ceux qui ont les cheveux longs. Beaucoup d&rsquo;enthousiasme et de motivation. Si disponible. vous pouvez apporter des gants en n\u00e9opr\u00e8ne et un T-shirt thermique. CONDITIONS G\u00c9N\u00c9RALES Pour le canyoning et les activit\u00e9s aquatiques, il est n\u00e9cessaire de savoir nager. Vous devez \u00eatre en bonne condition physique et \u00eatre familiaris\u00e9 avec l&rsquo;activit\u00e9 que vous allez entreprendre. L&rsquo;\u00e2ge minimum pour participer aux activit\u00e9s d\u00e9pend de la taille et du poids de l&rsquo;enfant, car il est important que la combinaison soit de la bonne taille. Elle est g\u00e9n\u00e9ralement comprise entre 5 et 7 ans. Dans tous les cas, c&rsquo;est le guide qui, en dernier ressort, approuvera et acceptera l&rsquo;activit\u00e9, en fonction de la condition physique et mentale de l&rsquo;enfant et des caract\u00e9ristiques de l&rsquo;activit\u00e9. Pour les activit\u00e9s de niveau \u00ab\u00a0avanc\u00e9\u00a0\u00bb ou sup\u00e9rieur, une exp\u00e9rience pr\u00e9alable peut \u00eatre exig\u00e9e, qui peut \u00eatre d\u00e9montr\u00e9e par un entretien personnel avec notre \u00e9quipe de guides ou par une activit\u00e9 ant\u00e9rieure avec notre compagnie. Dans les activit\u00e9s avec des mineurs de moins de 18 ans, le parent ou le tuteur l\u00e9gal devra r\u00e9aliser l&rsquo;activit\u00e9 et accompagner le mineur.<\/p>\n","protected":false},"author":1,"featured_media":0,"parent":0,"menu_order":0,"comment_status":"closed","ping_status":"closed","template":"","meta":{"_exactmetrics_skip_tracking":false,"_exactmetrics_sitenote_active":false,"_exactmetrics_sitenote_note":"","_exactmetrics_sitenote_category":0,"_monsterinsights_skip_tracking":false,"_monsterinsights_sitenote_active":false,"_monsterinsights_sitenote_note":"","_monsterinsights_sitenote_category":0,"footnotes":""},"class_list":["post-11726","page","type-page","status-publish","hentry"],"aioseo_notices":[],"_links":{"self":[{"href":"https:\/\/canyontrekguara.com\/fr\/wp-json\/wp\/v2\/pages\/11726","targetHints":{"allow":["GET"]}}],"collection":[{"href":"https:\/\/canyontrekguara.com\/fr\/wp-json\/wp\/v2\/pages"}],"about":[{"href":"https:\/\/canyontrekguara.com\/fr\/wp-json\/wp\/v2\/types\/page"}],"author":[{"embeddable":true,"href":"https:\/\/canyontrekguara.com\/fr\/wp-json\/wp\/v2\/users\/1"}],"replies":[{"embeddable":true,"href":"https:\/\/canyontrekguara.com\/fr\/wp-json\/wp\/v2\/comments?post=11726"}],"version-history":[{"count":0,"href":"https:\/\/canyontrekguara.com\/fr\/wp-json\/wp\/v2\/pages\/11726\/revisions"}],"wp:attachment":[{"href":"https:\/\/canyontrekguara.com\/fr\/wp-json\/wp\/v2\/media?parent=11726"}],"curies":[{"name":"wp","href":"https:\/\/api.w.org\/{rel}","templated":true}]}}